{"id":407,"date":"2025-05-12T16:48:36","date_gmt":"2025-05-12T16:48:36","guid":{"rendered":"https:\/\/heiss.thesanmarco.com\/?page_id=407"},"modified":"2025-05-28T11:41:03","modified_gmt":"2025-05-28T11:41:03","slug":"about","status":"publish","type":"page","link":"https:\/\/heiss.thesanmarco.com\/index.php\/about\/","title":{"rendered":"About"},"content":{"rendered":"\t\t<div data-elementor-type=\"wp-page\" data-elementor-id=\"407\" class=\"elementor elementor-407\" data-elementor-post-type=\"page\">\n\t\t\t\t<div class=\"elementor-element elementor-element-ebfa2be e-con-full e-flex e-con e-parent\" data-id=\"ebfa2be\" data-element_type=\"container\">\n\t\t<div class=\"elementor-element elementor-element-40a0d4b e-con-full e-flex e-con e-child\" data-id=\"40a0d4b\" data-element_type=\"container\">\n\t\t\t\t<div class=\"elementor-element elementor-element-18ed696 elementor-widget elementor-widget-heading\" data-id=\"18ed696\" data-element_type=\"widget\" data-widget_type=\"heading.default\">\n\t\t\t\t\t<h1 class=\"elementor-heading-title elementor-size-default\">Christian Heiss<\/h1>\t\t\t\t<\/div>\n\t\t\t\t<div class=\"elementor-element elementor-element-98cea38 elementor-widget elementor-widget-text-editor\" data-id=\"98cea38\" data-element_type=\"widget\" data-widget_type=\"text-editor.default\">\n\t\t\t\t\t\t\t\t\t<p>Architekt Dipl.Ing. Christian Heiss widmete sich in jungen Jahren intensiv der Geigenmusik. Die sp\u00e4tere Besch\u00e4ftigung mit dem Geigenbau beeinflusste seinen Zugang zu Architektur wesentlich. Die Mystik, den Klang des Instrumentes anhand seiner Form und Sch\u00f6nheit zu erkennen und bereits innerlich zu h\u00f6ren, entspricht f\u00fcr Christian Heiss der Kunst des Architekten, einen Raum und seine Qualit\u00e4ten im Vorfeld zu ersp\u00fcren.<\/p>\t\t\t\t\t\t\t\t<\/div>\n\t\t\t\t<div class=\"elementor-element elementor-element-1b59db3 elementor-hidden-tablet elementor-hidden-mobile elementor-widget elementor-widget-text-editor\" data-id=\"1b59db3\" data-element_type=\"widget\" data-widget_type=\"text-editor.default\">\n\t\t\t\t\t\t\t\t\t<p>Foto: Gerhard Wasserbauer<\/p>\t\t\t\t\t\t\t\t<\/div>\n\t\t\t\t<\/div>\n\t\t<div class=\"elementor-element elementor-element-139bff2 e-con-full e-flex e-con e-child\" data-id=\"139bff2\" data-element_type=\"container\">\n\t\t\t\t<div class=\"elementor-element elementor-element-7ed654e elementor-widget elementor-widget-image\" data-id=\"7ed654e\" data-element_type=\"widget\" data-widget_type=\"image.default\">\n\t\t\t\t\t\t\t\t\t\t\t\t\t\t\t<img fetchpriority=\"high\" decoding=\"async\" width=\"1875\" height=\"2500\" src=\"https:\/\/heiss.thesanmarco.com\/wp-content\/uploads\/2025\/05\/Christian-Heiss-Foto-Kassner-10197-51SW.jpg\" class=\"attachment-full size-full wp-image-261\" alt=\"\" srcset=\"https:\/\/heiss.thesanmarco.com\/wp-content\/uploads\/2025\/05\/Christian-Heiss-Foto-Kassner-10197-51SW.jpg 1875w, https:\/\/heiss.thesanmarco.com\/wp-content\/uploads\/2025\/05\/Christian-Heiss-Foto-Kassner-10197-51SW-225x300.jpg 225w, https:\/\/heiss.thesanmarco.com\/wp-content\/uploads\/2025\/05\/Christian-Heiss-Foto-Kassner-10197-51SW-768x1024.jpg 768w, https:\/\/heiss.thesanmarco.com\/wp-content\/uploads\/2025\/05\/Christian-Heiss-Foto-Kassner-10197-51SW-1152x1536.jpg 1152w, https:\/\/heiss.thesanmarco.com\/wp-content\/uploads\/2025\/05\/Christian-Heiss-Foto-Kassner-10197-51SW-1536x2048.jpg 1536w\" sizes=\"(max-width: 1875px) 100vw, 1875px\" \/>\t\t\t\t\t\t\t\t\t\t\t\t\t\t\t<\/div>\n\t\t\t\t<div class=\"elementor-element elementor-element-52aa387 elementor-hidden-widescreen elementor-hidden-desktop elementor-widget elementor-widget-text-editor\" data-id=\"52aa387\" data-element_type=\"widget\" data-widget_type=\"text-editor.default\">\n\t\t\t\t\t\t\t\t\t<p>Foto: Gerhard Wasserbauer<\/p>\t\t\t\t\t\t\t\t<\/div>\n\t\t\t\t<\/div>\n\t\t\t\t<\/div>\n\t\t<div class=\"elementor-element elementor-element-59db167 e-flex e-con-boxed e-con e-parent\" data-id=\"59db167\" data-element_type=\"container\">\n\t\t\t\t\t<div class=\"e-con-inner\">\n\t\t\t\t<div class=\"elementor-element elementor-element-765b8c3 elementor-widget elementor-widget-heading\" data-id=\"765b8c3\" data-element_type=\"widget\" data-widget_type=\"heading.default\">\n\t\t\t\t\t<h3 class=\"elementor-heading-title elementor-size-default\">\"Das Sch\u00f6nste schlie\u00dflich ist das fertiggestellte Projekt, in dem man ganz leise sp\u00fcrt, dass sich das Geb\u00e4ude dem Menschen anpasst und nicht umgekehrt.\"<\/h3>\t\t\t\t<\/div>\n\t\t\t\t<div class=\"elementor-element elementor-element-80781d5 elementor-widget elementor-widget-text-editor\" data-id=\"80781d5\" data-element_type=\"widget\" data-widget_type=\"text-editor.default\">\n\t\t\t\t\t\t\t\t\t<p>Christian Heiss<\/p>\t\t\t\t\t\t\t\t<\/div>\n\t\t\t\t\t<\/div>\n\t\t\t\t<\/div>\n\t\t<div class=\"elementor-element elementor-element-b36fd5b e-con-full e-flex e-con e-parent\" data-id=\"b36fd5b\" data-element_type=\"container\">\n\t\t<div class=\"elementor-element elementor-element-b363de5 e-con-full e-flex e-con e-child\" data-id=\"b363de5\" data-element_type=\"container\">\n\t\t\t\t<div class=\"elementor-element elementor-element-35d5746 elementor-widget elementor-widget-heading\" data-id=\"35d5746\" data-element_type=\"widget\" data-widget_type=\"heading.default\">\n\t\t\t\t\t<h3 class=\"elementor-heading-title elementor-size-default\">Gestaltung \u00fcber Generationen<\/h3>\t\t\t\t<\/div>\n\t\t\t\t<div class=\"elementor-element elementor-element-e7268ac elementor-widget elementor-widget-text-editor\" data-id=\"e7268ac\" data-element_type=\"widget\" data-widget_type=\"text-editor.default\">\n\t\t\t\t\t\t\t\t\t<p>Die gestalterischen Werte und das Verst\u00e4ndnis von Stadt wurden bei Christian Heiss zudem durch seinen Vater, der ebenfalls Architekt und St\u00e4dteplaner war, gepr\u00e4gt. F\u00fcr Christian Heiss erfolgt die Auseinandersetzung mit der Faszination Raum \u00fcber das Zeichnen \u2013 eine wertvolle und unerl\u00e4ssliche Wahrnehmungsschulung. Die Skizze ist Sprache der Idee.<br \/>Seine Laufbahn als selbstst\u00e4ndiger Architekt startete Christian Heiss 1997. Es folgte der kontinuierliche Aufbau eines erfolgreichen Teams, heute arbeiten 25 Mitarbeiter unter seiner F\u00fchrung und drei Partnern an zahlreichen Projekten in den Bereichen Hotel, Office und Living. Dabei reicht die Bandbreite vom Headquarter internationaler Unternehmen bis zum 4* und 5* Hotel sowie vom einfachen Wohnbau bis zur Luxusimmobilie.<\/p>\t\t\t\t\t\t\t\t<\/div>\n\t\t\t\t<div class=\"elementor-element elementor-element-9b7fa09 elementor-hidden-tablet elementor-hidden-mobile elementor-widget elementor-widget-text-editor\" data-id=\"9b7fa09\" data-element_type=\"widget\" data-widget_type=\"text-editor.default\">\n\t\t\t\t\t\t\t\t\t<p>Foto: Gerhard Kassner<\/p>\t\t\t\t\t\t\t\t<\/div>\n\t\t\t\t<\/div>\n\t\t<div class=\"elementor-element elementor-element-7ce3a20 e-con-full e-flex e-con e-child\" data-id=\"7ce3a20\" data-element_type=\"container\">\n\t\t\t\t<div class=\"elementor-element elementor-element-9bdcd4f elementor-widget elementor-widget-image\" data-id=\"9bdcd4f\" data-element_type=\"widget\" data-widget_type=\"image.default\">\n\t\t\t\t\t\t\t\t\t\t\t\t\t\t\t<img decoding=\"async\" width=\"2400\" height=\"1800\" src=\"https:\/\/heiss.thesanmarco.com\/wp-content\/uploads\/2025\/05\/2019-05-09-10200-113-BW-web.jpg\" class=\"attachment-full size-full wp-image-417\" alt=\"\" srcset=\"https:\/\/heiss.thesanmarco.com\/wp-content\/uploads\/2025\/05\/2019-05-09-10200-113-BW-web.jpg 2400w, https:\/\/heiss.thesanmarco.com\/wp-content\/uploads\/2025\/05\/2019-05-09-10200-113-BW-web-300x225.jpg 300w, https:\/\/heiss.thesanmarco.com\/wp-content\/uploads\/2025\/05\/2019-05-09-10200-113-BW-web-1024x768.jpg 1024w, https:\/\/heiss.thesanmarco.com\/wp-content\/uploads\/2025\/05\/2019-05-09-10200-113-BW-web-768x576.jpg 768w, https:\/\/heiss.thesanmarco.com\/wp-content\/uploads\/2025\/05\/2019-05-09-10200-113-BW-web-1536x1152.jpg 1536w, https:\/\/heiss.thesanmarco.com\/wp-content\/uploads\/2025\/05\/2019-05-09-10200-113-BW-web-2048x1536.jpg 2048w\" sizes=\"(max-width: 2400px) 100vw, 2400px\" \/>\t\t\t\t\t\t\t\t\t\t\t\t\t\t\t<\/div>\n\t\t\t\t<div class=\"elementor-element elementor-element-e8bb9c1 elementor-hidden-widescreen elementor-hidden-desktop elementor-widget elementor-widget-text-editor\" data-id=\"e8bb9c1\" data-element_type=\"widget\" data-widget_type=\"text-editor.default\">\n\t\t\t\t\t\t\t\t\t<p>Foto: Gerhard Kassner<\/p>\t\t\t\t\t\t\t\t<\/div>\n\t\t\t\t<\/div>\n\t\t\t\t<\/div>\n\t\t<div class=\"elementor-element elementor-element-439c321 e-flex e-con-boxed e-con e-parent\" data-id=\"439c321\" data-element_type=\"container\">\n\t\t\t\t\t<div class=\"e-con-inner\">\n\t\t<div class=\"elementor-element elementor-element-e075b98 e-con-full e-flex e-con e-child\" data-id=\"e075b98\" data-element_type=\"container\">\n\t\t\t\t<div class=\"elementor-element elementor-element-9d9eeaa elementor-widget elementor-widget-heading\" data-id=\"9d9eeaa\" data-element_type=\"widget\" data-widget_type=\"heading.default\">\n\t\t\t\t\t<h2 class=\"elementor-heading-title elementor-size-default\">1967<\/h2>\t\t\t\t<\/div>\n\t\t\t\t<div class=\"elementor-element elementor-element-7efc1f9 elementor-widget elementor-widget-text-editor\" data-id=\"7efc1f9\" data-element_type=\"widget\" data-widget_type=\"text-editor.default\">\n\t\t\t\t\t\t\t\t\t<p>geboren in Wien<\/p>\t\t\t\t\t\t\t\t<\/div>\n\t\t\t\t<\/div>\n\t\t<div class=\"elementor-element elementor-element-ba7f4a7 e-con-full e-flex e-con e-child\" data-id=\"ba7f4a7\" data-element_type=\"container\">\n\t\t\t\t<div class=\"elementor-element elementor-element-bfbaf34 elementor-widget elementor-widget-heading\" data-id=\"bfbaf34\" data-element_type=\"widget\" data-widget_type=\"heading.default\">\n\t\t\t\t\t<h2 class=\"elementor-heading-title elementor-size-default\">1974\u20131985<\/h2>\t\t\t\t<\/div>\n\t\t\t\t<div class=\"elementor-element elementor-element-3b2eb47 elementor-widget elementor-widget-text-editor\" data-id=\"3b2eb47\" data-element_type=\"widget\" data-widget_type=\"text-editor.default\">\n\t\t\t\t\t\t\t\t\t<p>Geigenuntericht bei Prof. Laszlo Barki und Prof. Grete Biedermann<\/p>\t\t\t\t\t\t\t\t<\/div>\n\t\t\t\t<\/div>\n\t\t<div class=\"elementor-element elementor-element-9c3aee8 e-con-full e-flex e-con e-child\" data-id=\"9c3aee8\" data-element_type=\"container\">\n\t\t\t\t<div class=\"elementor-element elementor-element-a1c05f3 elementor-widget elementor-widget-heading\" data-id=\"a1c05f3\" data-element_type=\"widget\" data-widget_type=\"heading.default\">\n\t\t\t\t\t<h2 class=\"elementor-heading-title elementor-size-default\">1982\u20131985<\/h2>\t\t\t\t<\/div>\n\t\t\t\t<div class=\"elementor-element elementor-element-abab0d2 elementor-widget elementor-widget-text-editor\" data-id=\"abab0d2\" data-element_type=\"widget\" data-widget_type=\"text-editor.default\">\n\t\t\t\t\t\t\t\t\t<p>Geigenbaustudien mit Studienreisen nach Cremona (I), Mirecourt (F), York (GB)<\/p>\t\t\t\t\t\t\t\t<\/div>\n\t\t\t\t<\/div>\n\t\t<div class=\"elementor-element elementor-element-34e7c7d e-con-full e-flex e-con e-child\" data-id=\"34e7c7d\" data-element_type=\"container\">\n\t\t\t\t<div class=\"elementor-element elementor-element-a0bade1 elementor-widget elementor-widget-heading\" data-id=\"a0bade1\" data-element_type=\"widget\" data-widget_type=\"heading.default\">\n\t\t\t\t\t<h2 class=\"elementor-heading-title elementor-size-default\">1986\u20131990<\/h2>\t\t\t\t<\/div>\n\t\t\t\t<div class=\"elementor-element elementor-element-752201c elementor-widget elementor-widget-text-editor\" data-id=\"752201c\" data-element_type=\"widget\" data-widget_type=\"text-editor.default\">\n\t\t\t\t\t\t\t\t\t<p>Ver\u00f6ffentlichung zahlreicher Skizzenb\u00fccher \u00fcber Wien, Italien und Spanien<\/p>\t\t\t\t\t\t\t\t<\/div>\n\t\t\t\t<\/div>\n\t\t<div class=\"elementor-element elementor-element-11b5b3f e-con-full e-flex e-con e-child\" data-id=\"11b5b3f\" data-element_type=\"container\">\n\t\t\t\t<div class=\"elementor-element elementor-element-0b87b14 elementor-widget elementor-widget-heading\" data-id=\"0b87b14\" data-element_type=\"widget\" data-widget_type=\"heading.default\">\n\t\t\t\t\t<h2 class=\"elementor-heading-title elementor-size-default\">1986\u20131996<\/h2>\t\t\t\t<\/div>\n\t\t\t\t<div class=\"elementor-element elementor-element-2f9a2e6 elementor-widget elementor-widget-text-editor\" data-id=\"2f9a2e6\" data-element_type=\"widget\" data-widget_type=\"text-editor.default\">\n\t\t\t\t\t\t\t\t\t<p>Mitarbeit bei den Architekten Herbert Bohrn und Prof. Hans Puchhammer<\/p>\t\t\t\t\t\t\t\t<\/div>\n\t\t\t\t<\/div>\n\t\t<div class=\"elementor-element elementor-element-8d87b00 e-con-full e-flex e-con e-child\" data-id=\"8d87b00\" data-element_type=\"container\">\n\t\t\t\t<div class=\"elementor-element elementor-element-f2b3edc elementor-widget elementor-widget-heading\" data-id=\"f2b3edc\" data-element_type=\"widget\" data-widget_type=\"heading.default\">\n\t\t\t\t\t<h2 class=\"elementor-heading-title elementor-size-default\">seit 1994<\/h2>\t\t\t\t<\/div>\n\t\t\t\t<div class=\"elementor-element elementor-element-ef95d92 elementor-widget elementor-widget-text-editor\" data-id=\"ef95d92\" data-element_type=\"widget\" data-widget_type=\"text-editor.default\">\n\t\t\t\t\t\t\t\t\t<p>Lehrauftr\u00e4ge an der Universit\u00e4t f\u00fcr Bodenkultur, Wien<\/p>\t\t\t\t\t\t\t\t<\/div>\n\t\t\t\t<\/div>\n\t\t<div class=\"elementor-element elementor-element-34dbadb e-con-full e-flex e-con e-child\" data-id=\"34dbadb\" data-element_type=\"container\">\n\t\t\t\t<div class=\"elementor-element elementor-element-96b4626 elementor-widget elementor-widget-heading\" data-id=\"96b4626\" data-element_type=\"widget\" data-widget_type=\"heading.default\">\n\t\t\t\t\t<h2 class=\"elementor-heading-title elementor-size-default\">1996<\/h2>\t\t\t\t<\/div>\n\t\t\t\t<div class=\"elementor-element elementor-element-d1f41ce elementor-widget elementor-widget-text-editor\" data-id=\"d1f41ce\" data-element_type=\"widget\" data-widget_type=\"text-editor.default\">\n\t\t\t\t\t\t\t\t\t<p>Diplom an der Technischen Universit\u00e4t Wien bei Architekt Prof. Ernst Hiesmayr<\/p>\t\t\t\t\t\t\t\t<\/div>\n\t\t\t\t<\/div>\n\t\t<div class=\"elementor-element elementor-element-327f748 e-con-full e-flex e-con e-child\" data-id=\"327f748\" data-element_type=\"container\">\n\t\t\t\t<div class=\"elementor-element elementor-element-47ede80 elementor-widget elementor-widget-heading\" data-id=\"47ede80\" data-element_type=\"widget\" data-widget_type=\"heading.default\">\n\t\t\t\t\t<h2 class=\"elementor-heading-title elementor-size-default\">1997<\/h2>\t\t\t\t<\/div>\n\t\t\t\t<div class=\"elementor-element elementor-element-4e3e587 elementor-widget elementor-widget-text-editor\" data-id=\"4e3e587\" data-element_type=\"widget\" data-widget_type=\"text-editor.default\">\n\t\t\t\t\t\t\t\t\t<p>Gr\u00fcndung des <a href=\"https:\/\/www.atelier-heiss.at\/\" target=\"_blank\" rel=\"noopener\">Atelier Heiss<\/a> in 1040 Wien, Schleifm\u00fchlgasse 1A<\/p>\t\t\t\t\t\t\t\t<\/div>\n\t\t\t\t<\/div>\n\t\t<div class=\"elementor-element elementor-element-d1ed3b2 e-con-full e-flex e-con e-child\" data-id=\"d1ed3b2\" data-element_type=\"container\">\n\t\t\t\t<div class=\"elementor-element elementor-element-392f694 elementor-widget elementor-widget-heading\" data-id=\"392f694\" data-element_type=\"widget\" data-widget_type=\"heading.default\">\n\t\t\t\t\t<h2 class=\"elementor-heading-title elementor-size-default\">seit 2004<\/h2>\t\t\t\t<\/div>\n\t\t\t\t<div class=\"elementor-element elementor-element-8f8e96c elementor-widget elementor-widget-text-editor\" data-id=\"8f8e96c\" data-element_type=\"widget\" data-widget_type=\"text-editor.default\">\n\t\t\t\t\t\t\t\t\t<p>Vortr\u00e4ge, Podiumsdiskussionen und Juryt\u00e4tigkeiten<\/p>\t\t\t\t\t\t\t\t<\/div>\n\t\t\t\t<\/div>\n\t\t<div class=\"elementor-element elementor-element-0aebd30 e-con-full e-flex e-con e-child\" data-id=\"0aebd30\" data-element_type=\"container\">\n\t\t\t\t<div class=\"elementor-element elementor-element-147c32e elementor-widget elementor-widget-heading\" data-id=\"147c32e\" data-element_type=\"widget\" data-widget_type=\"heading.default\">\n\t\t\t\t\t<h2 class=\"elementor-heading-title elementor-size-default\">2014<\/h2>\t\t\t\t<\/div>\n\t\t\t\t<div class=\"elementor-element elementor-element-33a2105 elementor-widget elementor-widget-text-editor\" data-id=\"33a2105\" data-element_type=\"widget\" data-widget_type=\"text-editor.default\">\n\t\t\t\t\t\t\t\t\t<p>\u00d6sterreichischer Staatspreis f\u00fcr Architektur<\/p>\t\t\t\t\t\t\t\t<\/div>\n\t\t\t\t<\/div>\n\t\t\t\t\t<\/div>\n\t\t\t\t<\/div>\n\t\t\t\t<\/div>\n\t\t","protected":false},"excerpt":{"rendered":"<p>Christian Heiss Architekt Dipl.Ing. Christian Heiss widmete sich in jungen Jahren intensiv der Geigenmusik. Die sp\u00e4tere Besch\u00e4ftigung mit dem Geigenbau beeinflusste seinen Zugang zu Architektur wesentlich. Die Mystik, den Klang des Instrumentes anhand seiner Form und Sch\u00f6nheit zu erkennen und bereits innerlich zu h\u00f6ren, entspricht f\u00fcr Christian Heiss der Kunst des Architekten, einen Raum und [&hellip;]<\/p>\n","protected":false},"author":2,"featured_media":0,"parent":0,"menu_order":0,"comment_status":"closed","ping_status":"closed","template":"","meta":{"footnotes":""},"class_list":["post-407","page","type-page","status-publish","hentry"],"_links":{"self":[{"href":"https:\/\/heiss.thesanmarco.com\/index.php\/wp-json\/wp\/v2\/pages\/407","targetHints":{"allow":["GET"]}}],"collection":[{"href":"https:\/\/heiss.thesanmarco.com\/index.php\/wp-json\/wp\/v2\/pages"}],"about":[{"href":"https:\/\/heiss.thesanmarco.com\/index.php\/wp-json\/wp\/v2\/types\/page"}],"author":[{"embeddable":true,"href":"https:\/\/heiss.thesanmarco.com\/index.php\/wp-json\/wp\/v2\/users\/2"}],"replies":[{"embeddable":true,"href":"https:\/\/heiss.thesanmarco.com\/index.php\/wp-json\/wp\/v2\/comments?post=407"}],"version-history":[{"count":67,"href":"https:\/\/heiss.thesanmarco.com\/index.php\/wp-json\/wp\/v2\/pages\/407\/revisions"}],"predecessor-version":[{"id":777,"href":"https:\/\/heiss.thesanmarco.com\/index.php\/wp-json\/wp\/v2\/pages\/407\/revisions\/777"}],"wp:attachment":[{"href":"https:\/\/heiss.thesanmarco.com\/index.php\/wp-json\/wp\/v2\/media?parent=407"}],"curies":[{"name":"wp","href":"https:\/\/api.w.org\/{rel}","templated":true}]}}